{"id":3417,"date":"2021-06-18T20:41:41","date_gmt":"2021-06-18T20:41:41","guid":{"rendered":"http:\/\/www.ligacavaloscorrida.pt\/?page_id=3417"},"modified":"2022-10-25T14:51:15","modified_gmt":"2022-10-25T14:51:15","slug":"provas","status":"publish","type":"page","link":"https:\/\/www.ligacavaloscorrida.pt\/?page_id=3417","title":{"rendered":"Provas"},"content":{"rendered":"[vc_row][vc_column][vc_column_text]\n<style>\nbody {<br \/>  background-color: #666666;<br \/>  padding: 30px;<br \/>  text-align: center;<br \/>  font-size: 35px;<br \/>  color: white;<br \/>}<\/p>\n<\/style>\n[\/vc_column_text][\/vc_column][\/vc_row][vc_row][vc_column][vc_column_text]\n<style>\n* {<br \/>  box-sizing: border-box;<br \/>}<\/p>\n<p>body {<br \/>  font-family: Arial, Helvetica, sans-serif;<br \/>}<\/p>\n<p>\/* Style the header *\/<br \/>header {<br \/>  background-color: #666;<br \/>  padding: 30px;<br \/>  text-align: center;<br \/>  font-size: 35px;<br \/>  color: white;<br \/>}<\/p>\n<p>\/* Container for flexboxes *\/<br \/>section {<br \/>  display: -webkit-flex;<br \/>  display: flex;<br \/>}<\/p>\n<p>\/* Style the navigation menu *\/<br \/>nav {<br \/>  -webkit-flex: 1;<br \/>  -ms-flex: 1;<br \/>  flex: 1;<br \/>  background: #ccc;<br \/>  padding: 20px;<br \/>}<\/p>\n<p>\/* Style the list inside the menu *\/<br \/>nav ul {<br \/>  list-style-type: none;<br \/>  padding: 0;<br \/>}<\/p>\n<p>\/* Style the content *\/<br \/>article {<br \/>  -webkit-flex: 3;<br \/>  -ms-flex: 3;<br \/>  flex: 3;<br \/>  background-color: #f1f1f1;<br \/>  padding: 10px;<br \/>}<\/p>\n<p>\/* Style the footer *\/<br \/>footer {<br \/>  background-color: #777;<br \/>  padding: 10px;<br \/>  text-align: center;<br \/>  color: white;<br \/>}<\/p>\n<p>\/* Responsive layout - makes the menu and the content (inside the section) sit on top of each other instead of next to each other *\/<br \/>@media (max-width: 600px) {<br \/>  section {<br \/>    -webkit-flex-direction: column;<br \/>    flex-direction: column;<br \/>  }<br \/>}<br \/><\/style>\n[\/vc_column_text][\/vc_column][\/vc_row][vc_row][vc_column][vc_column_text][\/vc_column_text][\/vc_column][\/vc_row][vc_row][vc_column][vc_column_text]&nbsp;<\/p>\n<h1 style=\"color: red; text-align: center;\">Liga Portuguesa de Trote e Galope<\/h1>\n<p style=\"color: #333333; text-align: center;\"><strong>Com uma grande experi\u00eancia e um consider\u00e1vel\u00a0<em>know-how<\/em>\u00a0t\u00e9cnico, \u00e9 a \u00fanica associa\u00e7\u00e3o portuguesa a ser reconhecida<\/strong><br \/>\n<strong>oficialmente a n\u00edvel internacional e nacional como entidade organizadora de corridas de cavalos.<\/strong><\/p>\n[\/vc_column_text][\/vc_column][\/vc_row][vc_row][vc_column][vc_column_text]\n<p style=\"text-align: center;\"><img decoding=\"async\" class=\"size-medium wp-image-2394 aligncenter\" src=\"https:\/\/www.ligacavaloscorrida.pt\/wp-content\/uploads\/2018\/04\/cropped-Alternativa-Classifica\u00e7\u00f5es-300x94.jpg\" alt=\"\" width=\"70%\" height=\"auto\" srcset=\"https:\/\/www.ligacavaloscorrida.pt\/wp-content\/uploads\/2018\/04\/cropped-Alternativa-Classifica\u00e7\u00f5es-300x94.jpg 300w, https:\/\/www.ligacavaloscorrida.pt\/wp-content\/uploads\/2018\/04\/cropped-Alternativa-Classifica\u00e7\u00f5es-768x240.jpg 768w, https:\/\/www.ligacavaloscorrida.pt\/wp-content\/uploads\/2018\/04\/cropped-Alternativa-Classifica\u00e7\u00f5es-1024x320.jpg 1024w, https:\/\/www.ligacavaloscorrida.pt\/wp-content\/uploads\/2018\/04\/cropped-Alternativa-Classifica\u00e7\u00f5es.jpg 1600w\" sizes=\"(max-width: 300px) 100vw, 300px\" \/><\/p>\n[\/vc_column_text][\/vc_column][\/vc_row]\n","protected":false},"excerpt":{"rendered":"<p>[vc_row][vc_column][vc_column_text] [\/vc_column_text][\/vc_column][\/vc_row][vc_row][vc_column][vc_column_text] [\/vc_column_text][\/vc_column][\/vc_row][vc_row][vc_column][vc_column_text][\/vc_column_text][\/vc_column][\/vc_row][vc_row][vc_column][vc_column_text]&nbsp; Liga Portuguesa de Trote e Galope Com uma grande experi\u00eancia e um consider\u00e1vel\u00a0know-how\u00a0t\u00e9cnico, \u00e9 a \u00fanica associa\u00e7\u00e3o portuguesa a ser reconhecida oficialmente a n\u00edvel internacional e nacional como entidade organizadora de corridas de cavalos. [\/vc_column_text][\/vc_column][\/vc_row][vc_row][vc_column][vc_column_text] [\/vc_column_text][\/vc_column][\/vc_row]<\/p>\n","protected":false},"author":1,"featured_media":0,"parent":0,"menu_order":0,"comment_status":"closed","ping_status":"closed","template":"","meta":{"footnotes":""},"class_list":["post-3417","page","type-page","status-publish","hentry"],"_links":{"self":[{"href":"https:\/\/www.ligacavaloscorrida.pt\/index.php?rest_route=\/wp\/v2\/pages\/3417","targetHints":{"allow":["GET"]}}],"collection":[{"href":"https:\/\/www.ligacavaloscorrida.pt\/index.php?rest_route=\/wp\/v2\/pages"}],"about":[{"href":"https:\/\/www.ligacavaloscorrida.pt\/index.php?rest_route=\/wp\/v2\/types\/page"}],"author":[{"embeddable":true,"href":"https:\/\/www.ligacavaloscorrida.pt\/index.php?rest_route=\/wp\/v2\/users\/1"}],"replies":[{"embeddable":true,"href":"https:\/\/www.ligacavaloscorrida.pt\/index.php?rest_route=%2Fwp%2Fv2%2Fcomments&post=3417"}],"version-history":[{"count":11,"href":"https:\/\/www.ligacavaloscorrida.pt\/index.php?rest_route=\/wp\/v2\/pages\/3417\/revisions"}],"predecessor-version":[{"id":3879,"href":"https:\/\/www.ligacavaloscorrida.pt\/index.php?rest_route=\/wp\/v2\/pages\/3417\/revisions\/3879"}],"wp:attachment":[{"href":"https:\/\/www.ligacavaloscorrida.pt\/index.php?rest_route=%2Fwp%2Fv2%2Fmedia&parent=3417"}],"curies":[{"name":"wp","href":"https:\/\/api.w.org\/{rel}","templated":true}]}}