{"id":2790,"date":"2019-07-04T15:37:33","date_gmt":"2019-07-04T15:37:33","guid":{"rendered":"http:\/\/www.ligacavaloscorrida.pt\/?page_id=2790"},"modified":"2022-10-25T15:43:19","modified_gmt":"2022-10-25T15:43:19","slug":"informacoes","status":"publish","type":"page","link":"https:\/\/www.ligacavaloscorrida.pt\/?page_id=2790","title":{"rendered":"Informa\u00e7\u00f5es"},"content":{"rendered":"[vc_row][vc_column][vc_column_text][\/vc_column_text][\/vc_column][\/vc_row][vc_row][vc_column][vc_column_text]\n<h1 style=\"text-align: center; \">Liga Portuguesa de Trote e Galope<\/h1>\n<h3 style=\"text-align: center; \">Com uma grande experi\u00eancia e um consider\u00e1vel\u00a0<em>know-how<\/em>\u00a0t\u00e9cnico, \u00e9 a \u00fanica associa\u00e7\u00e3o portuguesa a ser reconhecida oficialmente a n\u00edvel internacional e nacional como entidade organizadora de corridas de cavalos.<\/h3>\n<h3><\/h3>\n[\/vc_column_text][\/vc_column][\/vc_row][vc_row][vc_column][vc_column_text]\n<p style=\"text-align: center;\"><img decoding=\"async\" class=\"alignnone size-medium wp-image-2387\" src=\"https:\/\/www.ligacavaloscorrida.pt\/wp-content\/uploads\/2018\/04\/Alternativa-Campeonato-Nacional-e1524677300162-300x190.jpg\" alt=\"\" width=\"60%\" height=\"auto\" srcset=\"https:\/\/www.ligacavaloscorrida.pt\/wp-content\/uploads\/2018\/04\/Alternativa-Campeonato-Nacional-e1524677300162-300x190.jpg 300w, https:\/\/www.ligacavaloscorrida.pt\/wp-content\/uploads\/2018\/04\/Alternativa-Campeonato-Nacional-e1524677300162-768x488.jpg 768w, https:\/\/www.ligacavaloscorrida.pt\/wp-content\/uploads\/2018\/04\/Alternativa-Campeonato-Nacional-e1524677300162-1024x650.jpg 1024w, https:\/\/www.ligacavaloscorrida.pt\/wp-content\/uploads\/2018\/04\/Alternativa-Campeonato-Nacional-e1524677300162.jpg 1904w\" sizes=\"(max-width: 300px) 100vw, 300px\" \/><\/p>\n[\/vc_column_text][\/vc_column][\/vc_row]\n","protected":false},"excerpt":{"rendered":"<p>[vc_row][vc_column][vc_column_text][\/vc_column_text][\/vc_column][\/vc_row][vc_row][vc_column][vc_column_text] Liga Portuguesa de Trote e Galope Com uma grande experi\u00eancia e um consider\u00e1vel\u00a0know-how\u00a0t\u00e9cnico, \u00e9 a \u00fanica associa\u00e7\u00e3o portuguesa a ser reconhecida oficialmente a n\u00edvel internacional e nacional como entidade organizadora de corridas de cavalos. [\/vc_column_text][\/vc_column][\/vc_row][vc_row][vc_column][vc_column_text] [\/vc_column_text][\/vc_column][\/vc_row]<\/p>\n","protected":false},"author":1,"featured_media":0,"parent":0,"menu_order":4,"comment_status":"closed","ping_status":"closed","template":"","meta":{"footnotes":""},"class_list":["post-2790","page","type-page","status-publish","hentry"],"_links":{"self":[{"href":"https:\/\/www.ligacavaloscorrida.pt\/index.php?rest_route=\/wp\/v2\/pages\/2790","targetHints":{"allow":["GET"]}}],"collection":[{"href":"https:\/\/www.ligacavaloscorrida.pt\/index.php?rest_route=\/wp\/v2\/pages"}],"about":[{"href":"https:\/\/www.ligacavaloscorrida.pt\/index.php?rest_route=\/wp\/v2\/types\/page"}],"author":[{"embeddable":true,"href":"https:\/\/www.ligacavaloscorrida.pt\/index.php?rest_route=\/wp\/v2\/users\/1"}],"replies":[{"embeddable":true,"href":"https:\/\/www.ligacavaloscorrida.pt\/index.php?rest_route=%2Fwp%2Fv2%2Fcomments&post=2790"}],"version-history":[{"count":11,"href":"https:\/\/www.ligacavaloscorrida.pt\/index.php?rest_route=\/wp\/v2\/pages\/2790\/revisions"}],"predecessor-version":[{"id":3886,"href":"https:\/\/www.ligacavaloscorrida.pt\/index.php?rest_route=\/wp\/v2\/pages\/2790\/revisions\/3886"}],"wp:attachment":[{"href":"https:\/\/www.ligacavaloscorrida.pt\/index.php?rest_route=%2Fwp%2Fv2%2Fmedia&parent=2790"}],"curies":[{"name":"wp","href":"https:\/\/api.w.org\/{rel}","templated":true}]}}